{"id":6681,"date":"2017-07-27T13:44:09","date_gmt":"2017-07-27T11:44:09","guid":{"rendered":"http:\/\/uniquevillasmallorca.es\/?post_type=property&#038;p=6681"},"modified":"2017-09-22T07:30:36","modified_gmt":"2017-09-22T05:30:36","slug":"acogedor-apartamento-en-venta-en-el-terreno-uvm209","status":"publish","type":"property","link":"https:\/\/uniquevillasmallorca.com\/es\/property\/acogedor-apartamento-en-venta-en-el-terreno-uvm209\/","title":{"rendered":"Acogedor Apartamento en Venta en El Terreno-uvm209"},"content":{"rendered":"<p>Apartamento coqueto y pr\u00e1ctico en venta en El Terreno. El inmueble cuenta con 2 dormitorios y 1 cuarto de ba\u00f1o, cocina, sal\u00f3n comedor y una magn\u00edfica terraza de 30 m2. Vistas relajantes a zonas verdes. Jard\u00edn y pisicna comunitarios. Muy cuidado. Gastos comunitarios: 90\u20ac\/ mes.\u00a0 Plaza de parquing opcional (no incluida en el precio).<\/p>\n","protected":false},"excerpt":{"rendered":"<p>Apartamento coqueto y pr\u00e1ctico en venta en El Terreno. El inmueble cuenta con 2 dormitorios y 1 cuarto de ba\u00f1o, cocina, sal\u00f3n comedor y una magn\u00edfica terraza de 30 m2. Vistas relajantes a zonas verdes. Jard\u00edn y pisicna comunitarios. Muy cuidado. Gastos comunitarios: 90\u20ac\/ mes.\u00a0 Plaza de parquing opcional (no incluida en el precio).<\/p>\n","protected":false},"author":2,"featured_media":6666,"parent":0,"menu_order":0,"comment_status":"closed","ping_status":"closed","template":"","property-feature":[106,112,108,109,114],"property-type":[113,147],"property-city":[132],"property-status":[126],"class_list":["post-6681","property","type-property","status-publish","has-post-thumbnail","hentry","property-feature-balcon","property-feature-jardin","property-feature-piscina","property-feature-terraza","property-feature-vistas-montana","property-type-apartamento","property-type-piso","property-city-palma-es","property-status-alquiler"],"aioseo_notices":[],"property_meta":{"REAL_HOMES_property_price":"195000","REAL_HOMES_property_old_price":"","REAL_HOMES_property_price_prefix":"","REAL_HOMES_property_price_postfix":"","REAL_HOMES_property_size":"70","REAL_HOMES_property_size_postfix":"","REAL_HOMES_property_lot_size":"","REAL_HOMES_property_lot_size_postfix":"","REAL_HOMES_property_bedrooms":"2","REAL_HOMES_property_bathrooms":"1","REAL_HOMES_property_garage":"","REAL_HOMES_property_id":"uvm209","REAL_HOMES_property_year_built":"","REAL_HOMES_featured":"1","REAL_HOMES_additional_details_list":[["Certificado Energ\u00e9tico","En tr\u00e1mite"]],"REAL_HOMES_property_location":{"latitude":"26.011812","longitude":"-80.14524499999999","zoom":"14"},"REAL_HOMES_property_address":"1903 Hollywood Boulevard, Hollywood, FL 33020, USA","REAL_HOMES_property_map":"","REAL_HOMES_property_images":[{"width":150,"height":150,"file":"2017\/07\/uvm-property-for-sale-in-el-terreno-uvm.215.2.jpg","sizes":{"thumbnail":{"file":"uvm-property-for-sale-in-el-terreno-uvm.215.2-150x150.jpg","width":150,"height":150,"mime-type":"image\/jpeg","url":"https:\/\/uniquevillasmallorca.com\/wp-content\/uploads\/2017\/07\/uvm-property-for-sale-in-el-terreno-uvm.215.2-150x150.jpg"},"medium":{"file":"uvm-property-for-sale-in-el-terreno-uvm.215.2-300x166.jpg","width":300,"height":166,"mime-type":"image\/jpeg","url":"https:\/\/uniquevillasmallorca.com\/wp-content\/uploads\/2017\/07\/uvm-property-for-sale-in-el-terreno-uvm.215.2-300x166.jpg"},"medium_large":{"file":"uvm-property-for-sale-in-el-terreno-uvm.215.2-768x426.jpg","width":768,"height":426,"mime-type":"image\/jpeg","url":"https:\/\/uniquevillasmallorca.com\/wp-content\/uploads\/2017\/07\/uvm-property-for-sale-in-el-terreno-uvm.215.2-768x426.jpg"},"post-thumbnail":{"file":"uvm-property-for-sale-in-el-terreno-uvm.215.2-150x83.jpg","width":150,"height":83,"mime-type":"image\/jpeg","url":"https:\/\/uniquevillasmallorca.com\/wp-content\/uploads\/2017\/07\/uvm-property-for-sale-in-el-terreno-uvm.215.2-150x83.jpg"},"partners-logo":{"file":"uvm-property-for-sale-in-el-terreno-uvm.215.2-200x58.jpg","width":200,"height":58,"mime-type":"image\/jpeg","url":"https:\/\/uniquevillasmallorca.com\/wp-content\/uploads\/2017\/07\/uvm-property-for-sale-in-el-terreno-uvm.215.2-200x58.jpg"},"post-featured-image":{"file":"uvm-property-for-sale-in-el-terreno-uvm.215.2-830x323.jpg","width":830,"height":323,"mime-type":"image\/jpeg","url":"https:\/\/uniquevillasmallorca.com\/wp-content\/uploads\/2017\/07\/uvm-property-for-sale-in-el-terreno-uvm.215.2-830x323.jpg"},"gallery-two-column-image":{"file":"uvm-property-for-sale-in-el-terreno-uvm.215.2-536x269.jpg","width":536,"height":269,"mime-type":"image\/jpeg","url":"https:\/\/uniquevillasmallorca.com\/wp-content\/uploads\/2017\/07\/uvm-property-for-sale-in-el-terreno-uvm.215.2-536x269.jpg"},"property-thumb-image":{"file":"uvm-property-for-sale-in-el-terreno-uvm.215.2-244x163.jpg","width":244,"height":163,"mime-type":"image\/jpeg","url":"https:\/\/uniquevillasmallorca.com\/wp-content\/uploads\/2017\/07\/uvm-property-for-sale-in-el-terreno-uvm.215.2-244x163.jpg"},"property-detail-slider-image":{"file":"uvm-property-for-sale-in-el-terreno-uvm.215.2-770x386.jpg","width":770,"height":386,"mime-type":"image\/jpeg","url":"https:\/\/uniquevillasmallorca.com\/wp-content\/uploads\/2017\/07\/uvm-property-for-sale-in-el-terreno-uvm.215.2-770x386.jpg"},"property-detail-slider-thumb":{"file":"uvm-property-for-sale-in-el-terreno-uvm.215.2-82x60.jpg","width":82,"height":60,"mime-type":"image\/jpeg","url":"https:\/\/uniquevillasmallorca.com\/wp-content\/uploads\/2017\/07\/uvm-property-for-sale-in-el-terreno-uvm.215.2-82x60.jpg"},"property-detail-video-image":{"file":"uvm-property-for-sale-in-el-terreno-uvm.215.2-818x417.jpg","width":818,"height":417,"mime-type":"image\/jpeg","url":"https:\/\/uniquevillasmallorca.com\/wp-content\/uploads\/2017\/07\/uvm-property-for-sale-in-el-terreno-uvm.215.2-818x417.jpg"},"agent-image":{"file":"uvm-property-for-sale-in-el-terreno-uvm.215.2-210x210.jpg","width":210,"height":210,"mime-type":"image\/jpeg","url":"https:\/\/uniquevillasmallorca.com\/wp-content\/uploads\/2017\/07\/uvm-property-for-sale-in-el-terreno-uvm.215.2-210x210.jpg"},"grid-view-image":{"file":"uvm-property-for-sale-in-el-terreno-uvm.215.2-246x162.jpg","width":246,"height":162,"mime-type":"image\/jpeg","url":"https:\/\/uniquevillasmallorca.com\/wp-content\/uploads\/2017\/07\/uvm-property-for-sale-in-el-terreno-uvm.215.2-246x162.jpg"}},"image_meta":{"aperture":"0","credit":"","camera":"","caption":"","created_timestamp":"0","copyright":"","focal_length":"0","iso":"0","shutter_speed":"0","title":"","orientation":"1","keywords":[]},"ID":"6666","name":"uvm-property-for-sale-in-el-terreno-uvm.215.2.jpg","path":"\/home\/u370414866\/domains\/uniquevillasmallorca.com\/public_html\/wp-content\/uploads\/2017\/07\/uvm-property-for-sale-in-el-terreno-uvm.215.2.jpg","url":"https:\/\/uniquevillasmallorca.com\/wp-content\/uploads\/2017\/07\/uvm-property-for-sale-in-el-terreno-uvm.215.2-150x150.jpg","full_url":"https:\/\/uniquevillasmallorca.com\/wp-content\/uploads\/2017\/07\/uvm-property-for-sale-in-el-terreno-uvm.215.2.jpg","title":"uvm-property-for-sale-in-el-terreno-uvm.215.2","caption":"","description":"","alt":"","srcset":"https:\/\/uniquevillasmallorca.com\/wp-content\/uploads\/2017\/07\/uvm-property-for-sale-in-el-terreno-uvm.215.2-150x150.jpg 150w, https:\/\/uniquevillasmallorca.com\/wp-content\/uploads\/2017\/07\/uvm-property-for-sale-in-el-terreno-uvm.215.2-210x210.jpg 210w"},{"width":150,"height":150,"file":"2017\/07\/uvm-property-for-sale-in-el-terreno-uvm.215.5.gif","sizes":{"thumbnail":{"file":"uvm-property-for-sale-in-el-terreno-uvm.215.5-150x150.gif","width":150,"height":150,"mime-type":"image\/gif","url":"https:\/\/uniquevillasmallorca.com\/wp-content\/uploads\/2017\/07\/uvm-property-for-sale-in-el-terreno-uvm.215.5-150x150.gif"},"medium":{"file":"uvm-property-for-sale-in-el-terreno-uvm.215.5-300x166.gif","width":300,"height":166,"mime-type":"image\/gif","url":"https:\/\/uniquevillasmallorca.com\/wp-content\/uploads\/2017\/07\/uvm-property-for-sale-in-el-terreno-uvm.215.5-300x166.gif"},"medium_large":{"file":"uvm-property-for-sale-in-el-terreno-uvm.215.5-768x426.gif","width":768,"height":426,"mime-type":"image\/gif","url":"https:\/\/uniquevillasmallorca.com\/wp-content\/uploads\/2017\/07\/uvm-property-for-sale-in-el-terreno-uvm.215.5-768x426.gif"},"post-thumbnail":{"file":"uvm-property-for-sale-in-el-terreno-uvm.215.5-150x83.gif","width":150,"height":83,"mime-type":"image\/gif","url":"https:\/\/uniquevillasmallorca.com\/wp-content\/uploads\/2017\/07\/uvm-property-for-sale-in-el-terreno-uvm.215.5-150x83.gif"},"partners-logo":{"file":"uvm-property-for-sale-in-el-terreno-uvm.215.5-200x58.gif","width":200,"height":58,"mime-type":"image\/gif","url":"https:\/\/uniquevillasmallorca.com\/wp-content\/uploads\/2017\/07\/uvm-property-for-sale-in-el-terreno-uvm.215.5-200x58.gif"},"post-featured-image":{"file":"uvm-property-for-sale-in-el-terreno-uvm.215.5-830x323.gif","width":830,"height":323,"mime-type":"image\/gif","url":"https:\/\/uniquevillasmallorca.com\/wp-content\/uploads\/2017\/07\/uvm-property-for-sale-in-el-terreno-uvm.215.5-830x323.gif"},"gallery-two-column-image":{"file":"uvm-property-for-sale-in-el-terreno-uvm.215.5-536x269.gif","width":536,"height":269,"mime-type":"image\/gif","url":"https:\/\/uniquevillasmallorca.com\/wp-content\/uploads\/2017\/07\/uvm-property-for-sale-in-el-terreno-uvm.215.5-536x269.gif"},"property-thumb-image":{"file":"uvm-property-for-sale-in-el-terreno-uvm.215.5-244x163.gif","width":244,"height":163,"mime-type":"image\/gif","url":"https:\/\/uniquevillasmallorca.com\/wp-content\/uploads\/2017\/07\/uvm-property-for-sale-in-el-terreno-uvm.215.5-244x163.gif"},"property-detail-slider-image":{"file":"uvm-property-for-sale-in-el-terreno-uvm.215.5-770x386.gif","width":770,"height":386,"mime-type":"image\/gif","url":"https:\/\/uniquevillasmallorca.com\/wp-content\/uploads\/2017\/07\/uvm-property-for-sale-in-el-terreno-uvm.215.5-770x386.gif"},"property-detail-slider-thumb":{"file":"uvm-property-for-sale-in-el-terreno-uvm.215.5-82x60.gif","width":82,"height":60,"mime-type":"image\/gif","url":"https:\/\/uniquevillasmallorca.com\/wp-content\/uploads\/2017\/07\/uvm-property-for-sale-in-el-terreno-uvm.215.5-82x60.gif"},"property-detail-video-image":{"file":"uvm-property-for-sale-in-el-terreno-uvm.215.5-818x417.gif","width":818,"height":417,"mime-type":"image\/gif","url":"https:\/\/uniquevillasmallorca.com\/wp-content\/uploads\/2017\/07\/uvm-property-for-sale-in-el-terreno-uvm.215.5-818x417.gif"},"agent-image":{"file":"uvm-property-for-sale-in-el-terreno-uvm.215.5-210x210.gif","width":210,"height":210,"mime-type":"image\/gif","url":"https:\/\/uniquevillasmallorca.com\/wp-content\/uploads\/2017\/07\/uvm-property-for-sale-in-el-terreno-uvm.215.5-210x210.gif"},"grid-view-image":{"file":"uvm-property-for-sale-in-el-terreno-uvm.215.5-246x162.gif","width":246,"height":162,"mime-type":"image\/gif","url":"https:\/\/uniquevillasmallorca.com\/wp-content\/uploads\/2017\/07\/uvm-property-for-sale-in-el-terreno-uvm.215.5-246x162.gif"}},"image_meta":{"aperture":"0","credit":"","camera":"","caption":"","created_timestamp":"0","copyright":"","focal_length":"0","iso":"0","shutter_speed":"0","title":"","orientation":"0","keywords":[]},"ID":"6669","name":"uvm-property-for-sale-in-el-terreno-uvm.215.5.gif","path":"\/home\/u370414866\/domains\/uniquevillasmallorca.com\/public_html\/wp-content\/uploads\/2017\/07\/uvm-property-for-sale-in-el-terreno-uvm.215.5.gif","url":"https:\/\/uniquevillasmallorca.com\/wp-content\/uploads\/2017\/07\/uvm-property-for-sale-in-el-terreno-uvm.215.5-150x150.gif","full_url":"https:\/\/uniquevillasmallorca.com\/wp-content\/uploads\/2017\/07\/uvm-property-for-sale-in-el-terreno-uvm.215.5.gif","title":"uvm-property-for-sale-in-el-terreno-uvm.215.5","caption":"","description":"","alt":"","srcset":"https:\/\/uniquevillasmallorca.com\/wp-content\/uploads\/2017\/07\/uvm-property-for-sale-in-el-terreno-uvm.215.5-150x150.gif 150w, https:\/\/uniquevillasmallorca.com\/wp-content\/uploads\/2017\/07\/uvm-property-for-sale-in-el-terreno-uvm.215.5-210x210.gif 210w"},{"width":150,"height":150,"file":"2017\/07\/property-for-sale-in-el-terreno-uvm215.22.gif","sizes":{"thumbnail":{"file":"property-for-sale-in-el-terreno-uvm215.22-150x150.gif","width":150,"height":150,"mime-type":"image\/gif","url":"https:\/\/uniquevillasmallorca.com\/wp-content\/uploads\/2017\/07\/property-for-sale-in-el-terreno-uvm215.22-150x150.gif"},"medium":{"file":"property-for-sale-in-el-terreno-uvm215.22-300x166.gif","width":300,"height":166,"mime-type":"image\/gif","url":"https:\/\/uniquevillasmallorca.com\/wp-content\/uploads\/2017\/07\/property-for-sale-in-el-terreno-uvm215.22-300x166.gif"},"medium_large":{"file":"property-for-sale-in-el-terreno-uvm215.22-768x426.gif","width":768,"height":426,"mime-type":"image\/gif","url":"https:\/\/uniquevillasmallorca.com\/wp-content\/uploads\/2017\/07\/property-for-sale-in-el-terreno-uvm215.22-768x426.gif"},"post-thumbnail":{"file":"property-for-sale-in-el-terreno-uvm215.22-150x83.gif","width":150,"height":83,"mime-type":"image\/gif","url":"https:\/\/uniquevillasmallorca.com\/wp-content\/uploads\/2017\/07\/property-for-sale-in-el-terreno-uvm215.22-150x83.gif"},"partners-logo":{"file":"property-for-sale-in-el-terreno-uvm215.22-200x58.gif","width":200,"height":58,"mime-type":"image\/gif","url":"https:\/\/uniquevillasmallorca.com\/wp-content\/uploads\/2017\/07\/property-for-sale-in-el-terreno-uvm215.22-200x58.gif"},"post-featured-image":{"file":"property-for-sale-in-el-terreno-uvm215.22-830x323.gif","width":830,"height":323,"mime-type":"image\/gif","url":"https:\/\/uniquevillasmallorca.com\/wp-content\/uploads\/2017\/07\/property-for-sale-in-el-terreno-uvm215.22-830x323.gif"},"gallery-two-column-image":{"file":"property-for-sale-in-el-terreno-uvm215.22-536x269.gif","width":536,"height":269,"mime-type":"image\/gif","url":"https:\/\/uniquevillasmallorca.com\/wp-content\/uploads\/2017\/07\/property-for-sale-in-el-terreno-uvm215.22-536x269.gif"},"property-thumb-image":{"file":"property-for-sale-in-el-terreno-uvm215.22-244x163.gif","width":244,"height":163,"mime-type":"image\/gif","url":"https:\/\/uniquevillasmallorca.com\/wp-content\/uploads\/2017\/07\/property-for-sale-in-el-terreno-uvm215.22-244x163.gif"},"property-detail-slider-image":{"file":"property-for-sale-in-el-terreno-uvm215.22-770x386.gif","width":770,"height":386,"mime-type":"image\/gif","url":"https:\/\/uniquevillasmallorca.com\/wp-content\/uploads\/2017\/07\/property-for-sale-in-el-terreno-uvm215.22-770x386.gif"},"property-detail-slider-thumb":{"file":"property-for-sale-in-el-terreno-uvm215.22-82x60.gif","width":82,"height":60,"mime-type":"image\/gif","url":"https:\/\/uniquevillasmallorca.com\/wp-content\/uploads\/2017\/07\/property-for-sale-in-el-terreno-uvm215.22-82x60.gif"},"property-detail-video-image":{"file":"property-for-sale-in-el-terreno-uvm215.22-818x417.gif","width":818,"height":417,"mime-type":"image\/gif","url":"https:\/\/uniquevillasmallorca.com\/wp-content\/uploads\/2017\/07\/property-for-sale-in-el-terreno-uvm215.22-818x417.gif"},"agent-image":{"file":"property-for-sale-in-el-terreno-uvm215.22-210x210.gif","width":210,"height":210,"mime-type":"image\/gif","url":"https:\/\/uniquevillasmallorca.com\/wp-content\/uploads\/2017\/07\/property-for-sale-in-el-terreno-uvm215.22-210x210.gif"},"grid-view-image":{"file":"property-for-sale-in-el-terreno-uvm215.22-246x162.gif","width":246,"height":162,"mime-type":"image\/gif","url":"https:\/\/uniquevillasmallorca.com\/wp-content\/uploads\/2017\/07\/property-for-sale-in-el-terreno-uvm215.22-246x162.gif"}},"image_meta":{"aperture":"0","credit":"","camera":"","caption":"","created_timestamp":"0","copyright":"","focal_length":"0","iso":"0","shutter_speed":"0","title":"","orientation":"0","keywords":[]},"ID":"6675","name":"property-for-sale-in-el-terreno-uvm215.22.gif","path":"\/home\/u370414866\/domains\/uniquevillasmallorca.com\/public_html\/wp-content\/uploads\/2017\/07\/property-for-sale-in-el-terreno-uvm215.22.gif","url":"https:\/\/uniquevillasmallorca.com\/wp-content\/uploads\/2017\/07\/property-for-sale-in-el-terreno-uvm215.22-150x150.gif","full_url":"https:\/\/uniquevillasmallorca.com\/wp-content\/uploads\/2017\/07\/property-for-sale-in-el-terreno-uvm215.22.gif","title":"property-for-sale-in-el-terreno-uvm215.22","caption":"","description":"","alt":"","srcset":"https:\/\/uniquevillasmallorca.com\/wp-content\/uploads\/2017\/07\/property-for-sale-in-el-terreno-uvm215.22-150x150.gif 150w, https:\/\/uniquevillasmallorca.com\/wp-content\/uploads\/2017\/07\/property-for-sale-in-el-terreno-uvm215.22-210x210.gif 210w"},{"width":150,"height":150,"file":"2017\/07\/uvm-property-for-sale-in-el-terreno-uvm.215.4.jpg","sizes":{"thumbnail":{"file":"uvm-property-for-sale-in-el-terreno-uvm.215.4-150x150.jpg","width":150,"height":150,"mime-type":"image\/jpeg","url":"https:\/\/uniquevillasmallorca.com\/wp-content\/uploads\/2017\/07\/uvm-property-for-sale-in-el-terreno-uvm.215.4-150x150.jpg"},"medium":{"file":"uvm-property-for-sale-in-el-terreno-uvm.215.4-300x166.jpg","width":300,"height":166,"mime-type":"image\/jpeg","url":"https:\/\/uniquevillasmallorca.com\/wp-content\/uploads\/2017\/07\/uvm-property-for-sale-in-el-terreno-uvm.215.4-300x166.jpg"},"medium_large":{"file":"uvm-property-for-sale-in-el-terreno-uvm.215.4-768x426.jpg","width":768,"height":426,"mime-type":"image\/jpeg","url":"https:\/\/uniquevillasmallorca.com\/wp-content\/uploads\/2017\/07\/uvm-property-for-sale-in-el-terreno-uvm.215.4-768x426.jpg"},"post-thumbnail":{"file":"uvm-property-for-sale-in-el-terreno-uvm.215.4-150x83.jpg","width":150,"height":83,"mime-type":"image\/jpeg","url":"https:\/\/uniquevillasmallorca.com\/wp-content\/uploads\/2017\/07\/uvm-property-for-sale-in-el-terreno-uvm.215.4-150x83.jpg"},"partners-logo":{"file":"uvm-property-for-sale-in-el-terreno-uvm.215.4-200x58.jpg","width":200,"height":58,"mime-type":"image\/jpeg","url":"https:\/\/uniquevillasmallorca.com\/wp-content\/uploads\/2017\/07\/uvm-property-for-sale-in-el-terreno-uvm.215.4-200x58.jpg"},"post-featured-image":{"file":"uvm-property-for-sale-in-el-terreno-uvm.215.4-830x323.jpg","width":830,"height":323,"mime-type":"image\/jpeg","url":"https:\/\/uniquevillasmallorca.com\/wp-content\/uploads\/2017\/07\/uvm-property-for-sale-in-el-terreno-uvm.215.4-830x323.jpg"},"gallery-two-column-image":{"file":"uvm-property-for-sale-in-el-terreno-uvm.215.4-536x269.jpg","width":536,"height":269,"mime-type":"image\/jpeg","url":"https:\/\/uniquevillasmallorca.com\/wp-content\/uploads\/2017\/07\/uvm-property-for-sale-in-el-terreno-uvm.215.4-536x269.jpg"},"property-thumb-image":{"file":"uvm-property-for-sale-in-el-terreno-uvm.215.4-244x163.jpg","width":244,"height":163,"mime-type":"image\/jpeg","url":"https:\/\/uniquevillasmallorca.com\/wp-content\/uploads\/2017\/07\/uvm-property-for-sale-in-el-terreno-uvm.215.4-244x163.jpg"},"property-detail-slider-image":{"file":"uvm-property-for-sale-in-el-terreno-uvm.215.4-770x386.jpg","width":770,"height":386,"mime-type":"image\/jpeg","url":"https:\/\/uniquevillasmallorca.com\/wp-content\/uploads\/2017\/07\/uvm-property-for-sale-in-el-terreno-uvm.215.4-770x386.jpg"},"property-detail-slider-thumb":{"file":"uvm-property-for-sale-in-el-terreno-uvm.215.4-82x60.jpg","width":82,"height":60,"mime-type":"image\/jpeg","url":"https:\/\/uniquevillasmallorca.com\/wp-content\/uploads\/2017\/07\/uvm-property-for-sale-in-el-terreno-uvm.215.4-82x60.jpg"},"property-detail-video-image":{"file":"uvm-property-for-sale-in-el-terreno-uvm.215.4-818x417.jpg","width":818,"height":417,"mime-type":"image\/jpeg","url":"https:\/\/uniquevillasmallorca.com\/wp-content\/uploads\/2017\/07\/uvm-property-for-sale-in-el-terreno-uvm.215.4-818x417.jpg"},"agent-image":{"file":"uvm-property-for-sale-in-el-terreno-uvm.215.4-210x210.jpg","width":210,"height":210,"mime-type":"image\/jpeg","url":"https:\/\/uniquevillasmallorca.com\/wp-content\/uploads\/2017\/07\/uvm-property-for-sale-in-el-terreno-uvm.215.4-210x210.jpg"},"grid-view-image":{"file":"uvm-property-for-sale-in-el-terreno-uvm.215.4-246x162.jpg","width":246,"height":162,"mime-type":"image\/jpeg","url":"https:\/\/uniquevillasmallorca.com\/wp-content\/uploads\/2017\/07\/uvm-property-for-sale-in-el-terreno-uvm.215.4-246x162.jpg"}},"image_meta":{"aperture":"0","credit":"","camera":"","caption":"","created_timestamp":"0","copyright":"","focal_length":"0","iso":"0","shutter_speed":"0","title":"","orientation":"1","keywords":[]},"ID":"6668","name":"uvm-property-for-sale-in-el-terreno-uvm.215.4.jpg","path":"\/home\/u370414866\/domains\/uniquevillasmallorca.com\/public_html\/wp-content\/uploads\/2017\/07\/uvm-property-for-sale-in-el-terreno-uvm.215.4.jpg","url":"https:\/\/uniquevillasmallorca.com\/wp-content\/uploads\/2017\/07\/uvm-property-for-sale-in-el-terreno-uvm.215.4-150x150.jpg","full_url":"https:\/\/uniquevillasmallorca.com\/wp-content\/uploads\/2017\/07\/uvm-property-for-sale-in-el-terreno-uvm.215.4.jpg","title":"uvm-property-for-sale-in-el-terreno-uvm.215.4","caption":"","description":"","alt":"","srcset":"https:\/\/uniquevillasmallorca.com\/wp-content\/uploads\/2017\/07\/uvm-property-for-sale-in-el-terreno-uvm.215.4-150x150.jpg 150w, https:\/\/uniquevillasmallorca.com\/wp-content\/uploads\/2017\/07\/uvm-property-for-sale-in-el-terreno-uvm.215.4-210x210.jpg 210w"},{"width":150,"height":150,"file":"2017\/07\/uvm-property-for-sale-in-el-terreno-uvm.215.7.gif","sizes":{"thumbnail":{"file":"uvm-property-for-sale-in-el-terreno-uvm.215.7-150x150.gif","width":150,"height":150,"mime-type":"image\/gif","url":"https:\/\/uniquevillasmallorca.com\/wp-content\/uploads\/2017\/07\/uvm-property-for-sale-in-el-terreno-uvm.215.7-150x150.gif"},"medium":{"file":"uvm-property-for-sale-in-el-terreno-uvm.215.7-300x166.gif","width":300,"height":166,"mime-type":"image\/gif","url":"https:\/\/uniquevillasmallorca.com\/wp-content\/uploads\/2017\/07\/uvm-property-for-sale-in-el-terreno-uvm.215.7-300x166.gif"},"medium_large":{"file":"uvm-property-for-sale-in-el-terreno-uvm.215.7-768x426.gif","width":768,"height":426,"mime-type":"image\/gif","url":"https:\/\/uniquevillasmallorca.com\/wp-content\/uploads\/2017\/07\/uvm-property-for-sale-in-el-terreno-uvm.215.7-768x426.gif"},"post-thumbnail":{"file":"uvm-property-for-sale-in-el-terreno-uvm.215.7-150x83.gif","width":150,"height":83,"mime-type":"image\/gif","url":"https:\/\/uniquevillasmallorca.com\/wp-content\/uploads\/2017\/07\/uvm-property-for-sale-in-el-terreno-uvm.215.7-150x83.gif"},"partners-logo":{"file":"uvm-property-for-sale-in-el-terreno-uvm.215.7-200x58.gif","width":200,"height":58,"mime-type":"image\/gif","url":"https:\/\/uniquevillasmallorca.com\/wp-content\/uploads\/2017\/07\/uvm-property-for-sale-in-el-terreno-uvm.215.7-200x58.gif"},"post-featured-image":{"file":"uvm-property-for-sale-in-el-terreno-uvm.215.7-830x323.gif","width":830,"height":323,"mime-type":"image\/gif","url":"https:\/\/uniquevillasmallorca.com\/wp-content\/uploads\/2017\/07\/uvm-property-for-sale-in-el-terreno-uvm.215.7-830x323.gif"},"gallery-two-column-image":{"file":"uvm-property-for-sale-in-el-terreno-uvm.215.7-536x269.gif","width":536,"height":269,"mime-type":"image\/gif","url":"https:\/\/uniquevillasmallorca.com\/wp-content\/uploads\/2017\/07\/uvm-property-for-sale-in-el-terreno-uvm.215.7-536x269.gif"},"property-thumb-image":{"file":"uvm-property-for-sale-in-el-terreno-uvm.215.7-244x163.gif","width":244,"height":163,"mime-type":"image\/gif","url":"https:\/\/uniquevillasmallorca.com\/wp-content\/uploads\/2017\/07\/uvm-property-for-sale-in-el-terreno-uvm.215.7-244x163.gif"},"property-detail-slider-image":{"file":"uvm-property-for-sale-in-el-terreno-uvm.215.7-770x386.gif","width":770,"height":386,"mime-type":"image\/gif","url":"https:\/\/uniquevillasmallorca.com\/wp-content\/uploads\/2017\/07\/uvm-property-for-sale-in-el-terreno-uvm.215.7-770x386.gif"},"property-detail-slider-thumb":{"file":"uvm-property-for-sale-in-el-terreno-uvm.215.7-82x60.gif","width":82,"height":60,"mime-type":"image\/gif","url":"https:\/\/uniquevillasmallorca.com\/wp-content\/uploads\/2017\/07\/uvm-property-for-sale-in-el-terreno-uvm.215.7-82x60.gif"},"property-detail-video-image":{"file":"uvm-property-for-sale-in-el-terreno-uvm.215.7-818x417.gif","width":818,"height":417,"mime-type":"image\/gif","url":"https:\/\/uniquevillasmallorca.com\/wp-content\/uploads\/2017\/07\/uvm-property-for-sale-in-el-terreno-uvm.215.7-818x417.gif"},"agent-image":{"file":"uvm-property-for-sale-in-el-terreno-uvm.215.7-210x210.gif","width":210,"height":210,"mime-type":"image\/gif","url":"https:\/\/uniquevillasmallorca.com\/wp-content\/uploads\/2017\/07\/uvm-property-for-sale-in-el-terreno-uvm.215.7-210x210.gif"},"grid-view-image":{"file":"uvm-property-for-sale-in-el-terreno-uvm.215.7-246x162.gif","width":246,"height":162,"mime-type":"image\/gif","url":"https:\/\/uniquevillasmallorca.com\/wp-content\/uploads\/2017\/07\/uvm-property-for-sale-in-el-terreno-uvm.215.7-246x162.gif"}},"image_meta":{"aperture":"0","credit":"","camera":"","caption":"","created_timestamp":"0","copyright":"","focal_length":"0","iso":"0","shutter_speed":"0","title":"","orientation":"0","keywords":[]},"ID":"6676","name":"uvm-property-for-sale-in-el-terreno-uvm.215.7.gif","path":"\/home\/u370414866\/domains\/uniquevillasmallorca.com\/public_html\/wp-content\/uploads\/2017\/07\/uvm-property-for-sale-in-el-terreno-uvm.215.7.gif","url":"https:\/\/uniquevillasmallorca.com\/wp-content\/uploads\/2017\/07\/uvm-property-for-sale-in-el-terreno-uvm.215.7-150x150.gif","full_url":"https:\/\/uniquevillasmallorca.com\/wp-content\/uploads\/2017\/07\/uvm-property-for-sale-in-el-terreno-uvm.215.7.gif","title":"uvm-property-for-sale-in-el-terreno-uvm.215.7","caption":"","description":"","alt":"","srcset":"https:\/\/uniquevillasmallorca.com\/wp-content\/uploads\/2017\/07\/uvm-property-for-sale-in-el-terreno-uvm.215.7-150x150.gif 150w, https:\/\/uniquevillasmallorca.com\/wp-content\/uploads\/2017\/07\/uvm-property-for-sale-in-el-terreno-uvm.215.7-210x210.gif 210w"},{"width":150,"height":150,"file":"2017\/07\/uvm-property-for-sale-in-el-terreno-uvm.215.8.gif","sizes":{"thumbnail":{"file":"uvm-property-for-sale-in-el-terreno-uvm.215.8-150x150.gif","width":150,"height":150,"mime-type":"image\/gif","url":"https:\/\/uniquevillasmallorca.com\/wp-content\/uploads\/2017\/07\/uvm-property-for-sale-in-el-terreno-uvm.215.8-150x150.gif"},"medium":{"file":"uvm-property-for-sale-in-el-terreno-uvm.215.8-300x166.gif","width":300,"height":166,"mime-type":"image\/gif","url":"https:\/\/uniquevillasmallorca.com\/wp-content\/uploads\/2017\/07\/uvm-property-for-sale-in-el-terreno-uvm.215.8-300x166.gif"},"medium_large":{"file":"uvm-property-for-sale-in-el-terreno-uvm.215.8-768x426.gif","width":768,"height":426,"mime-type":"image\/gif","url":"https:\/\/uniquevillasmallorca.com\/wp-content\/uploads\/2017\/07\/uvm-property-for-sale-in-el-terreno-uvm.215.8-768x426.gif"},"post-thumbnail":{"file":"uvm-property-for-sale-in-el-terreno-uvm.215.8-150x83.gif","width":150,"height":83,"mime-type":"image\/gif","url":"https:\/\/uniquevillasmallorca.com\/wp-content\/uploads\/2017\/07\/uvm-property-for-sale-in-el-terreno-uvm.215.8-150x83.gif"},"partners-logo":{"file":"uvm-property-for-sale-in-el-terreno-uvm.215.8-200x58.gif","width":200,"height":58,"mime-type":"image\/gif","url":"https:\/\/uniquevillasmallorca.com\/wp-content\/uploads\/2017\/07\/uvm-property-for-sale-in-el-terreno-uvm.215.8-200x58.gif"},"post-featured-image":{"file":"uvm-property-for-sale-in-el-terreno-uvm.215.8-830x323.gif","width":830,"height":323,"mime-type":"image\/gif","url":"https:\/\/uniquevillasmallorca.com\/wp-content\/uploads\/2017\/07\/uvm-property-for-sale-in-el-terreno-uvm.215.8-830x323.gif"},"gallery-two-column-image":{"file":"uvm-property-for-sale-in-el-terreno-uvm.215.8-536x269.gif","width":536,"height":269,"mime-type":"image\/gif","url":"https:\/\/uniquevillasmallorca.com\/wp-content\/uploads\/2017\/07\/uvm-property-for-sale-in-el-terreno-uvm.215.8-536x269.gif"},"property-thumb-image":{"file":"uvm-property-for-sale-in-el-terreno-uvm.215.8-244x163.gif","width":244,"height":163,"mime-type":"image\/gif","url":"https:\/\/uniquevillasmallorca.com\/wp-content\/uploads\/2017\/07\/uvm-property-for-sale-in-el-terreno-uvm.215.8-244x163.gif"},"property-detail-slider-image":{"file":"uvm-property-for-sale-in-el-terreno-uvm.215.8-770x386.gif","width":770,"height":386,"mime-type":"image\/gif","url":"https:\/\/uniquevillasmallorca.com\/wp-content\/uploads\/2017\/07\/uvm-property-for-sale-in-el-terreno-uvm.215.8-770x386.gif"},"property-detail-slider-thumb":{"file":"uvm-property-for-sale-in-el-terreno-uvm.215.8-82x60.gif","width":82,"height":60,"mime-type":"image\/gif","url":"https:\/\/uniquevillasmallorca.com\/wp-content\/uploads\/2017\/07\/uvm-property-for-sale-in-el-terreno-uvm.215.8-82x60.gif"},"property-detail-video-image":{"file":"uvm-property-for-sale-in-el-terreno-uvm.215.8-818x417.gif","width":818,"height":417,"mime-type":"image\/gif","url":"https:\/\/uniquevillasmallorca.com\/wp-content\/uploads\/2017\/07\/uvm-property-for-sale-in-el-terreno-uvm.215.8-818x417.gif"},"agent-image":{"file":"uvm-property-for-sale-in-el-terreno-uvm.215.8-210x210.gif","width":210,"height":210,"mime-type":"image\/gif","url":"https:\/\/uniquevillasmallorca.com\/wp-content\/uploads\/2017\/07\/uvm-property-for-sale-in-el-terreno-uvm.215.8-210x210.gif"},"grid-view-image":{"file":"uvm-property-for-sale-in-el-terreno-uvm.215.8-246x162.gif","width":246,"height":162,"mime-type":"image\/gif","url":"https:\/\/uniquevillasmallorca.com\/wp-content\/uploads\/2017\/07\/uvm-property-for-sale-in-el-terreno-uvm.215.8-246x162.gif"}},"image_meta":{"aperture":"0","credit":"","camera":"","caption":"","created_timestamp":"0","copyright":"","focal_length":"0","iso":"0","shutter_speed":"0","title":"","orientation":"0","keywords":[]},"ID":"6677","name":"uvm-property-for-sale-in-el-terreno-uvm.215.8.gif","path":"\/home\/u370414866\/domains\/uniquevillasmallorca.com\/public_html\/wp-content\/uploads\/2017\/07\/uvm-property-for-sale-in-el-terreno-uvm.215.8.gif","url":"https:\/\/uniquevillasmallorca.com\/wp-content\/uploads\/2017\/07\/uvm-property-for-sale-in-el-terreno-uvm.215.8-150x150.gif","full_url":"https:\/\/uniquevillasmallorca.com\/wp-content\/uploads\/2017\/07\/uvm-property-for-sale-in-el-terreno-uvm.215.8.gif","title":"uvm-property-for-sale-in-el-terreno-uvm.215.8","caption":"","description":"","alt":"","srcset":"https:\/\/uniquevillasmallorca.com\/wp-content\/uploads\/2017\/07\/uvm-property-for-sale-in-el-terreno-uvm.215.8-150x150.gif 150w, https:\/\/uniquevillasmallorca.com\/wp-content\/uploads\/2017\/07\/uvm-property-for-sale-in-el-terreno-uvm.215.8-210x210.gif 210w"},{"width":150,"height":150,"file":"2017\/07\/uvm-property-for-sale-in-el-terreno-uvm.215.9.gif","sizes":{"thumbnail":{"file":"uvm-property-for-sale-in-el-terreno-uvm.215.9-150x150.gif","width":150,"height":150,"mime-type":"image\/gif","url":"https:\/\/uniquevillasmallorca.com\/wp-content\/uploads\/2017\/07\/uvm-property-for-sale-in-el-terreno-uvm.215.9-150x150.gif"},"medium":{"file":"uvm-property-for-sale-in-el-terreno-uvm.215.9-300x166.gif","width":300,"height":166,"mime-type":"image\/gif","url":"https:\/\/uniquevillasmallorca.com\/wp-content\/uploads\/2017\/07\/uvm-property-for-sale-in-el-terreno-uvm.215.9-300x166.gif"},"medium_large":{"file":"uvm-property-for-sale-in-el-terreno-uvm.215.9-768x426.gif","width":768,"height":426,"mime-type":"image\/gif","url":"https:\/\/uniquevillasmallorca.com\/wp-content\/uploads\/2017\/07\/uvm-property-for-sale-in-el-terreno-uvm.215.9-768x426.gif"},"post-thumbnail":{"file":"uvm-property-for-sale-in-el-terreno-uvm.215.9-150x83.gif","width":150,"height":83,"mime-type":"image\/gif","url":"https:\/\/uniquevillasmallorca.com\/wp-content\/uploads\/2017\/07\/uvm-property-for-sale-in-el-terreno-uvm.215.9-150x83.gif"},"partners-logo":{"file":"uvm-property-for-sale-in-el-terreno-uvm.215.9-200x58.gif","width":200,"height":58,"mime-type":"image\/gif","url":"https:\/\/uniquevillasmallorca.com\/wp-content\/uploads\/2017\/07\/uvm-property-for-sale-in-el-terreno-uvm.215.9-200x58.gif"},"post-featured-image":{"file":"uvm-property-for-sale-in-el-terreno-uvm.215.9-830x323.gif","width":830,"height":323,"mime-type":"image\/gif","url":"https:\/\/uniquevillasmallorca.com\/wp-content\/uploads\/2017\/07\/uvm-property-for-sale-in-el-terreno-uvm.215.9-830x323.gif"},"gallery-two-column-image":{"file":"uvm-property-for-sale-in-el-terreno-uvm.215.9-536x269.gif","width":536,"height":269,"mime-type":"image\/gif","url":"https:\/\/uniquevillasmallorca.com\/wp-content\/uploads\/2017\/07\/uvm-property-for-sale-in-el-terreno-uvm.215.9-536x269.gif"},"property-thumb-image":{"file":"uvm-property-for-sale-in-el-terreno-uvm.215.9-244x163.gif","width":244,"height":163,"mime-type":"image\/gif","url":"https:\/\/uniquevillasmallorca.com\/wp-content\/uploads\/2017\/07\/uvm-property-for-sale-in-el-terreno-uvm.215.9-244x163.gif"},"property-detail-slider-image":{"file":"uvm-property-for-sale-in-el-terreno-uvm.215.9-770x386.gif","width":770,"height":386,"mime-type":"image\/gif","url":"https:\/\/uniquevillasmallorca.com\/wp-content\/uploads\/2017\/07\/uvm-property-for-sale-in-el-terreno-uvm.215.9-770x386.gif"},"property-detail-slider-thumb":{"file":"uvm-property-for-sale-in-el-terreno-uvm.215.9-82x60.gif","width":82,"height":60,"mime-type":"image\/gif","url":"https:\/\/uniquevillasmallorca.com\/wp-content\/uploads\/2017\/07\/uvm-property-for-sale-in-el-terreno-uvm.215.9-82x60.gif"},"property-detail-video-image":{"file":"uvm-property-for-sale-in-el-terreno-uvm.215.9-818x417.gif","width":818,"height":417,"mime-type":"image\/gif","url":"https:\/\/uniquevillasmallorca.com\/wp-content\/uploads\/2017\/07\/uvm-property-for-sale-in-el-terreno-uvm.215.9-818x417.gif"},"agent-image":{"file":"uvm-property-for-sale-in-el-terreno-uvm.215.9-210x210.gif","width":210,"height":210,"mime-type":"image\/gif","url":"https:\/\/uniquevillasmallorca.com\/wp-content\/uploads\/2017\/07\/uvm-property-for-sale-in-el-terreno-uvm.215.9-210x210.gif"},"grid-view-image":{"file":"uvm-property-for-sale-in-el-terreno-uvm.215.9-246x162.gif","width":246,"height":162,"mime-type":"image\/gif","url":"https:\/\/uniquevillasmallorca.com\/wp-content\/uploads\/2017\/07\/uvm-property-for-sale-in-el-terreno-uvm.215.9-246x162.gif"}},"image_meta":{"aperture":"0","credit":"","camera":"","caption":"","created_timestamp":"0","copyright":"","focal_length":"0","iso":"0","shutter_speed":"0","title":"","orientation":"0","keywords":[]},"ID":"6678","name":"uvm-property-for-sale-in-el-terreno-uvm.215.9.gif","path":"\/home\/u370414866\/domains\/uniquevillasmallorca.com\/public_html\/wp-content\/uploads\/2017\/07\/uvm-property-for-sale-in-el-terreno-uvm.215.9.gif","url":"https:\/\/uniquevillasmallorca.com\/wp-content\/uploads\/2017\/07\/uvm-property-for-sale-in-el-terreno-uvm.215.9-150x150.gif","full_url":"https:\/\/uniquevillasmallorca.com\/wp-content\/uploads\/2017\/07\/uvm-property-for-sale-in-el-terreno-uvm.215.9.gif","title":"uvm-property-for-sale-in-el-terreno-uvm.215.9","caption":"","description":"","alt":"","srcset":"https:\/\/uniquevillasmallorca.com\/wp-content\/uploads\/2017\/07\/uvm-property-for-sale-in-el-terreno-uvm.215.9-150x150.gif 150w, https:\/\/uniquevillasmallorca.com\/wp-content\/uploads\/2017\/07\/uvm-property-for-sale-in-el-terreno-uvm.215.9-210x210.gif 210w"},{"width":150,"height":150,"file":"2017\/07\/property-for-sale-in-el-terreno-uvm215.6.gif","sizes":{"thumbnail":{"file":"property-for-sale-in-el-terreno-uvm215.6-150x150.gif","width":150,"height":150,"mime-type":"image\/gif","url":"https:\/\/uniquevillasmallorca.com\/wp-content\/uploads\/2017\/07\/property-for-sale-in-el-terreno-uvm215.6-150x150.gif"},"medium":{"file":"property-for-sale-in-el-terreno-uvm215.6-300x166.gif","width":300,"height":166,"mime-type":"image\/gif","url":"https:\/\/uniquevillasmallorca.com\/wp-content\/uploads\/2017\/07\/property-for-sale-in-el-terreno-uvm215.6-300x166.gif"},"medium_large":{"file":"property-for-sale-in-el-terreno-uvm215.6-768x426.gif","width":768,"height":426,"mime-type":"image\/gif","url":"https:\/\/uniquevillasmallorca.com\/wp-content\/uploads\/2017\/07\/property-for-sale-in-el-terreno-uvm215.6-768x426.gif"},"post-thumbnail":{"file":"property-for-sale-in-el-terreno-uvm215.6-150x83.gif","width":150,"height":83,"mime-type":"image\/gif","url":"https:\/\/uniquevillasmallorca.com\/wp-content\/uploads\/2017\/07\/property-for-sale-in-el-terreno-uvm215.6-150x83.gif"},"partners-logo":{"file":"property-for-sale-in-el-terreno-uvm215.6-200x58.gif","width":200,"height":58,"mime-type":"image\/gif","url":"https:\/\/uniquevillasmallorca.com\/wp-content\/uploads\/2017\/07\/property-for-sale-in-el-terreno-uvm215.6-200x58.gif"},"post-featured-image":{"file":"property-for-sale-in-el-terreno-uvm215.6-830x323.gif","width":830,"height":323,"mime-type":"image\/gif","url":"https:\/\/uniquevillasmallorca.com\/wp-content\/uploads\/2017\/07\/property-for-sale-in-el-terreno-uvm215.6-830x323.gif"},"gallery-two-column-image":{"file":"property-for-sale-in-el-terreno-uvm215.6-536x269.gif","width":536,"height":269,"mime-type":"image\/gif","url":"https:\/\/uniquevillasmallorca.com\/wp-content\/uploads\/2017\/07\/property-for-sale-in-el-terreno-uvm215.6-536x269.gif"},"property-thumb-image":{"file":"property-for-sale-in-el-terreno-uvm215.6-244x163.gif","width":244,"height":163,"mime-type":"image\/gif","url":"https:\/\/uniquevillasmallorca.com\/wp-content\/uploads\/2017\/07\/property-for-sale-in-el-terreno-uvm215.6-244x163.gif"},"property-detail-slider-image":{"file":"property-for-sale-in-el-terreno-uvm215.6-770x386.gif","width":770,"height":386,"mime-type":"image\/gif","url":"https:\/\/uniquevillasmallorca.com\/wp-content\/uploads\/2017\/07\/property-for-sale-in-el-terreno-uvm215.6-770x386.gif"},"property-detail-slider-thumb":{"file":"property-for-sale-in-el-terreno-uvm215.6-82x60.gif","width":82,"height":60,"mime-type":"image\/gif","url":"https:\/\/uniquevillasmallorca.com\/wp-content\/uploads\/2017\/07\/property-for-sale-in-el-terreno-uvm215.6-82x60.gif"},"property-detail-video-image":{"file":"property-for-sale-in-el-terreno-uvm215.6-818x417.gif","width":818,"height":417,"mime-type":"image\/gif","url":"https:\/\/uniquevillasmallorca.com\/wp-content\/uploads\/2017\/07\/property-for-sale-in-el-terreno-uvm215.6-818x417.gif"},"agent-image":{"file":"property-for-sale-in-el-terreno-uvm215.6-210x210.gif","width":210,"height":210,"mime-type":"image\/gif","url":"https:\/\/uniquevillasmallorca.com\/wp-content\/uploads\/2017\/07\/property-for-sale-in-el-terreno-uvm215.6-210x210.gif"},"grid-view-image":{"file":"property-for-sale-in-el-terreno-uvm215.6-246x162.gif","width":246,"height":162,"mime-type":"image\/gif","url":"https:\/\/uniquevillasmallorca.com\/wp-content\/uploads\/2017\/07\/property-for-sale-in-el-terreno-uvm215.6-246x162.gif"}},"image_meta":{"aperture":"0","credit":"","camera":"","caption":"","created_timestamp":"0","copyright":"","focal_length":"0","iso":"0","shutter_speed":"0","title":"","orientation":"0","keywords":[]},"ID":"6674","name":"property-for-sale-in-el-terreno-uvm215.6.gif","path":"\/home\/u370414866\/domains\/uniquevillasmallorca.com\/public_html\/wp-content\/uploads\/2017\/07\/property-for-sale-in-el-terreno-uvm215.6.gif","url":"https:\/\/uniquevillasmallorca.com\/wp-content\/uploads\/2017\/07\/property-for-sale-in-el-terreno-uvm215.6-150x150.gif","full_url":"https:\/\/uniquevillasmallorca.com\/wp-content\/uploads\/2017\/07\/property-for-sale-in-el-terreno-uvm215.6.gif","title":"property-for-sale-in-el-terreno-uvm215.6","caption":"","description":"","alt":"","srcset":"https:\/\/uniquevillasmallorca.com\/wp-content\/uploads\/2017\/07\/property-for-sale-in-el-terreno-uvm215.6-150x150.gif 150w, https:\/\/uniquevillasmallorca.com\/wp-content\/uploads\/2017\/07\/property-for-sale-in-el-terreno-uvm215.6-210x210.gif 210w"},{"width":150,"height":150,"file":"2017\/07\/property-for-sale-in-el-terreno-uvm.215.3.gif","sizes":{"thumbnail":{"file":"property-for-sale-in-el-terreno-uvm.215.3-150x150.gif","width":150,"height":150,"mime-type":"image\/gif","url":"https:\/\/uniquevillasmallorca.com\/wp-content\/uploads\/2017\/07\/property-for-sale-in-el-terreno-uvm.215.3-150x150.gif"},"medium":{"file":"property-for-sale-in-el-terreno-uvm.215.3-300x166.gif","width":300,"height":166,"mime-type":"image\/gif","url":"https:\/\/uniquevillasmallorca.com\/wp-content\/uploads\/2017\/07\/property-for-sale-in-el-terreno-uvm.215.3-300x166.gif"},"medium_large":{"file":"property-for-sale-in-el-terreno-uvm.215.3-768x426.gif","width":768,"height":426,"mime-type":"image\/gif","url":"https:\/\/uniquevillasmallorca.com\/wp-content\/uploads\/2017\/07\/property-for-sale-in-el-terreno-uvm.215.3-768x426.gif"},"post-thumbnail":{"file":"property-for-sale-in-el-terreno-uvm.215.3-150x83.gif","width":150,"height":83,"mime-type":"image\/gif","url":"https:\/\/uniquevillasmallorca.com\/wp-content\/uploads\/2017\/07\/property-for-sale-in-el-terreno-uvm.215.3-150x83.gif"},"partners-logo":{"file":"property-for-sale-in-el-terreno-uvm.215.3-200x58.gif","width":200,"height":58,"mime-type":"image\/gif","url":"https:\/\/uniquevillasmallorca.com\/wp-content\/uploads\/2017\/07\/property-for-sale-in-el-terreno-uvm.215.3-200x58.gif"},"post-featured-image":{"file":"property-for-sale-in-el-terreno-uvm.215.3-830x323.gif","width":830,"height":323,"mime-type":"image\/gif","url":"https:\/\/uniquevillasmallorca.com\/wp-content\/uploads\/2017\/07\/property-for-sale-in-el-terreno-uvm.215.3-830x323.gif"},"gallery-two-column-image":{"file":"property-for-sale-in-el-terreno-uvm.215.3-536x269.gif","width":536,"height":269,"mime-type":"image\/gif","url":"https:\/\/uniquevillasmallorca.com\/wp-content\/uploads\/2017\/07\/property-for-sale-in-el-terreno-uvm.215.3-536x269.gif"},"property-thumb-image":{"file":"property-for-sale-in-el-terreno-uvm.215.3-244x163.gif","width":244,"height":163,"mime-type":"image\/gif","url":"https:\/\/uniquevillasmallorca.com\/wp-content\/uploads\/2017\/07\/property-for-sale-in-el-terreno-uvm.215.3-244x163.gif"},"property-detail-slider-image":{"file":"property-for-sale-in-el-terreno-uvm.215.3-770x386.gif","width":770,"height":386,"mime-type":"image\/gif","url":"https:\/\/uniquevillasmallorca.com\/wp-content\/uploads\/2017\/07\/property-for-sale-in-el-terreno-uvm.215.3-770x386.gif"},"property-detail-slider-thumb":{"file":"property-for-sale-in-el-terreno-uvm.215.3-82x60.gif","width":82,"height":60,"mime-type":"image\/gif","url":"https:\/\/uniquevillasmallorca.com\/wp-content\/uploads\/2017\/07\/property-for-sale-in-el-terreno-uvm.215.3-82x60.gif"},"property-detail-video-image":{"file":"property-for-sale-in-el-terreno-uvm.215.3-818x417.gif","width":818,"height":417,"mime-type":"image\/gif","url":"https:\/\/uniquevillasmallorca.com\/wp-content\/uploads\/2017\/07\/property-for-sale-in-el-terreno-uvm.215.3-818x417.gif"},"agent-image":{"file":"property-for-sale-in-el-terreno-uvm.215.3-210x210.gif","width":210,"height":210,"mime-type":"image\/gif","url":"https:\/\/uniquevillasmallorca.com\/wp-content\/uploads\/2017\/07\/property-for-sale-in-el-terreno-uvm.215.3-210x210.gif"},"grid-view-image":{"file":"property-for-sale-in-el-terreno-uvm.215.3-246x162.gif","width":246,"height":162,"mime-type":"image\/gif","url":"https:\/\/uniquevillasmallorca.com\/wp-content\/uploads\/2017\/07\/property-for-sale-in-el-terreno-uvm.215.3-246x162.gif"}},"image_meta":{"aperture":"0","credit":"","camera":"","caption":"","created_timestamp":"0","copyright":"","focal_length":"0","iso":"0","shutter_speed":"0","title":"","orientation":"0","keywords":[]},"ID":"6671","name":"property-for-sale-in-el-terreno-uvm.215.3.gif","path":"\/home\/u370414866\/domains\/uniquevillasmallorca.com\/public_html\/wp-content\/uploads\/2017\/07\/property-for-sale-in-el-terreno-uvm.215.3.gif","url":"https:\/\/uniquevillasmallorca.com\/wp-content\/uploads\/2017\/07\/property-for-sale-in-el-terreno-uvm.215.3-150x150.gif","full_url":"https:\/\/uniquevillasmallorca.com\/wp-content\/uploads\/2017\/07\/property-for-sale-in-el-terreno-uvm.215.3.gif","title":"property-for-sale-in-el-terreno-uvm.215.3","caption":"","description":"","alt":"","srcset":"https:\/\/uniquevillasmallorca.com\/wp-content\/uploads\/2017\/07\/property-for-sale-in-el-terreno-uvm.215.3-150x150.gif 150w, https:\/\/uniquevillasmallorca.com\/wp-content\/uploads\/2017\/07\/property-for-sale-in-el-terreno-uvm.215.3-210x210.gif 210w"},{"width":150,"height":150,"file":"2017\/07\/property-for-sale-in-el-terreno-uvm215.4.gif","sizes":{"thumbnail":{"file":"property-for-sale-in-el-terreno-uvm215.4-150x150.gif","width":150,"height":150,"mime-type":"image\/gif","url":"https:\/\/uniquevillasmallorca.com\/wp-content\/uploads\/2017\/07\/property-for-sale-in-el-terreno-uvm215.4-150x150.gif"},"medium":{"file":"property-for-sale-in-el-terreno-uvm215.4-300x166.gif","width":300,"height":166,"mime-type":"image\/gif","url":"https:\/\/uniquevillasmallorca.com\/wp-content\/uploads\/2017\/07\/property-for-sale-in-el-terreno-uvm215.4-300x166.gif"},"medium_large":{"file":"property-for-sale-in-el-terreno-uvm215.4-768x426.gif","width":768,"height":426,"mime-type":"image\/gif","url":"https:\/\/uniquevillasmallorca.com\/wp-content\/uploads\/2017\/07\/property-for-sale-in-el-terreno-uvm215.4-768x426.gif"},"post-thumbnail":{"file":"property-for-sale-in-el-terreno-uvm215.4-150x83.gif","width":150,"height":83,"mime-type":"image\/gif","url":"https:\/\/uniquevillasmallorca.com\/wp-content\/uploads\/2017\/07\/property-for-sale-in-el-terreno-uvm215.4-150x83.gif"},"partners-logo":{"file":"property-for-sale-in-el-terreno-uvm215.4-200x58.gif","width":200,"height":58,"mime-type":"image\/gif","url":"https:\/\/uniquevillasmallorca.com\/wp-content\/uploads\/2017\/07\/property-for-sale-in-el-terreno-uvm215.4-200x58.gif"},"post-featured-image":{"file":"property-for-sale-in-el-terreno-uvm215.4-830x323.gif","width":830,"height":323,"mime-type":"image\/gif","url":"https:\/\/uniquevillasmallorca.com\/wp-content\/uploads\/2017\/07\/property-for-sale-in-el-terreno-uvm215.4-830x323.gif"},"gallery-two-column-image":{"file":"property-for-sale-in-el-terreno-uvm215.4-536x269.gif","width":536,"height":269,"mime-type":"image\/gif","url":"https:\/\/uniquevillasmallorca.com\/wp-content\/uploads\/2017\/07\/property-for-sale-in-el-terreno-uvm215.4-536x269.gif"},"property-thumb-image":{"file":"property-for-sale-in-el-terreno-uvm215.4-244x163.gif","width":244,"height":163,"mime-type":"image\/gif","url":"https:\/\/uniquevillasmallorca.com\/wp-content\/uploads\/2017\/07\/property-for-sale-in-el-terreno-uvm215.4-244x163.gif"},"property-detail-slider-image":{"file":"property-for-sale-in-el-terreno-uvm215.4-770x386.gif","width":770,"height":386,"mime-type":"image\/gif","url":"https:\/\/uniquevillasmallorca.com\/wp-content\/uploads\/2017\/07\/property-for-sale-in-el-terreno-uvm215.4-770x386.gif"},"property-detail-slider-thumb":{"file":"property-for-sale-in-el-terreno-uvm215.4-82x60.gif","width":82,"height":60,"mime-type":"image\/gif","url":"https:\/\/uniquevillasmallorca.com\/wp-content\/uploads\/2017\/07\/property-for-sale-in-el-terreno-uvm215.4-82x60.gif"},"property-detail-video-image":{"file":"property-for-sale-in-el-terreno-uvm215.4-818x417.gif","width":818,"height":417,"mime-type":"image\/gif","url":"https:\/\/uniquevillasmallorca.com\/wp-content\/uploads\/2017\/07\/property-for-sale-in-el-terreno-uvm215.4-818x417.gif"},"agent-image":{"file":"property-for-sale-in-el-terreno-uvm215.4-210x210.gif","width":210,"height":210,"mime-type":"image\/gif","url":"https:\/\/uniquevillasmallorca.com\/wp-content\/uploads\/2017\/07\/property-for-sale-in-el-terreno-uvm215.4-210x210.gif"},"grid-view-image":{"file":"property-for-sale-in-el-terreno-uvm215.4-246x162.gif","width":246,"height":162,"mime-type":"image\/gif","url":"https:\/\/uniquevillasmallorca.com\/wp-content\/uploads\/2017\/07\/property-for-sale-in-el-terreno-uvm215.4-246x162.gif"}},"image_meta":{"aperture":"0","credit":"","camera":"","caption":"","created_timestamp":"0","copyright":"","focal_length":"0","iso":"0","shutter_speed":"0","title":"","orientation":"0","keywords":[]},"ID":"6672","name":"property-for-sale-in-el-terreno-uvm215.4.gif","path":"\/home\/u370414866\/domains\/uniquevillasmallorca.com\/public_html\/wp-content\/uploads\/2017\/07\/property-for-sale-in-el-terreno-uvm215.4.gif","url":"https:\/\/uniquevillasmallorca.com\/wp-content\/uploads\/2017\/07\/property-for-sale-in-el-terreno-uvm215.4-150x150.gif","full_url":"https:\/\/uniquevillasmallorca.com\/wp-content\/uploads\/2017\/07\/property-for-sale-in-el-terreno-uvm215.4.gif","title":"property-for-sale-in-el-terreno-uvm215.4","caption":"","description":"","alt":"","srcset":"https:\/\/uniquevillasmallorca.com\/wp-content\/uploads\/2017\/07\/property-for-sale-in-el-terreno-uvm215.4-150x150.gif 150w, https:\/\/uniquevillasmallorca.com\/wp-content\/uploads\/2017\/07\/property-for-sale-in-el-terreno-uvm215.4-210x210.gif 210w"}],"REAL_HOMES_change_gallery_slider_type":"","REAL_HOMES_gallery_slider_type":"thumb-on-bottom","inspiry_floor_plans":[],"inspiry_video_group":[],"REAL_HOMES_360_virtual_tour":"","REAL_HOMES_agent_display_option":"none","REAL_HOMES_agents":["-1"],"REAL_HOMES_energy_class":"","REAL_HOMES_energy_performance":"","REAL_HOMES_epc_current_rating":"","REAL_HOMES_epc_potential_rating":"","ere_property_schedule_tour":"","ere_property_schedule_time_slots":"","ere_property_schedule_description":"","REAL_HOMES_sticky":"","inspiry_property_label":"","inspiry_property_label_color":"","inspiry_property_tax":"","inspiry_additional_fee":"","REAL_HOMES_attachments":[],"inspiry_property_owner_name":"","inspiry_property_owner_contact":"","inspiry_property_owner_address":"","REAL_HOMES_property_private_note":"","inspiry_message_to_reviewer":"","REAL_HOMES_add_in_slider":"no","REAL_HOMES_slider_image":[],"REAL_HOMES_page_banner_image":[],"REAL_HOMES_hide_property_advance_search":"","REAL_HOMES_custom_header_display":"","REAL_HOMES_custom_header_position":"","REAL_HOMES_custom_footer_display":"","REAL_HOMES_hide_advance_search":"","REAL_HOMES_custom_search_form":"","REAL_HOMES_search_form_margin_top":"","REAL_HOMES_search_form_margin_bottom":""},"_links":{"self":[{"href":"https:\/\/uniquevillasmallorca.com\/es\/wp-json\/wp\/v2\/property\/6681","targetHints":{"allow":["GET"]}}],"collection":[{"href":"https:\/\/uniquevillasmallorca.com\/es\/wp-json\/wp\/v2\/property"}],"about":[{"href":"https:\/\/uniquevillasmallorca.com\/es\/wp-json\/wp\/v2\/types\/property"}],"author":[{"embeddable":true,"href":"https:\/\/uniquevillasmallorca.com\/es\/wp-json\/wp\/v2\/users\/2"}],"replies":[{"embeddable":true,"href":"https:\/\/uniquevillasmallorca.com\/es\/wp-json\/wp\/v2\/comments?post=6681"}],"version-history":[{"count":0,"href":"https:\/\/uniquevillasmallorca.com\/es\/wp-json\/wp\/v2\/property\/6681\/revisions"}],"wp:featuredmedia":[{"embeddable":true,"href":"https:\/\/uniquevillasmallorca.com\/es\/wp-json\/wp\/v2\/media\/6666"}],"wp:attachment":[{"href":"https:\/\/uniquevillasmallorca.com\/es\/wp-json\/wp\/v2\/media?parent=6681"}],"wp:term":[{"taxonomy":"property-feature","embeddable":true,"href":"https:\/\/uniquevillasmallorca.com\/es\/wp-json\/wp\/v2\/property-feature?post=6681"},{"taxonomy":"property-type","embeddable":true,"href":"https:\/\/uniquevillasmallorca.com\/es\/wp-json\/wp\/v2\/property-type?post=6681"},{"taxonomy":"property-city","embeddable":true,"href":"https:\/\/uniquevillasmallorca.com\/es\/wp-json\/wp\/v2\/property-city?post=6681"},{"taxonomy":"property-status","embeddable":true,"href":"https:\/\/uniquevillasmallorca.com\/es\/wp-json\/wp\/v2\/property-status?post=6681"}],"curies":[{"name":"wp","href":"https:\/\/api.w.org\/{rel}","templated":true}]}}